{"id":272,"date":"2022-02-12T18:03:24","date_gmt":"2022-02-12T17:03:24","guid":{"rendered":"http:\/\/ferme-hemeryck-duchateau.fr\/?page_id=272"},"modified":"2024-02-08T10:42:24","modified_gmt":"2024-02-08T09:42:24","slug":"grandes-cultures","status":"publish","type":"page","link":"https:\/\/ferme-hemeryck-duchateau.fr\/index.php\/production\/grandes-cultures\/","title":{"rendered":"Nos Grandes Cultures"},"content":{"rendered":"<div data-colibri-id=\"272-c1\" class=\"style-1363 style-local-272-c1 position-relative\">\n  <!---->\n  <div data-colibri-component=\"section\" data-colibri-id=\"272-c2\" id=\"custom\" class=\"h-section h-section-global-spacing d-flex align-items-lg-center align-items-md-center align-items-center style-1368 style-local-272-c2 position-relative\">\n    <!---->\n    <!---->\n    <div class=\"h-section-grid-container h-section-boxed-container\">\n      <!---->\n      <div data-colibri-id=\"272-c3\" class=\"h-row-container gutters-row-lg-1 gutters-row-md-1 gutters-row-0 gutters-row-v-lg-1 gutters-row-v-md-1 gutters-row-v-1 style-1371 style-local-272-c3 position-relative\">\n        <!---->\n        <div class=\"h-row justify-content-lg-center justify-content-md-center justify-content-center align-items-lg-stretch align-items-md-stretch align-items-stretch gutters-col-lg-1 gutters-col-md-1 gutters-col-0 gutters-col-v-lg-1 gutters-col-v-md-1 gutters-col-v-1\">\n          <!---->\n          <div class=\"h-column h-column-container d-flex h-col-lg-auto h-col-md-auto h-col-auto style-1372-outer style-local-272-c4-outer\">\n            <div data-colibri-id=\"272-c4\" class=\"d-flex h-flex-basis h-column__inner h-px-lg-1 h-px-md-1 h-px-1 v-inner-lg-1 v-inner-md-1 v-inner-1 style-1372 style-local-272-c4 position-relative\">\n              <!---->\n              <!---->\n              <div class=\"w-100 h-y-container h-column__content h-column__v-align flex-basis-100 align-self-lg-start align-self-md-start align-self-start\">\n                <!---->\n                <div data-colibri-id=\"272-c5\" class=\"h-text h-text-component style-1376 style-local-272-c5 position-relative h-element\">\n                  <!---->\n                  <!---->\n                  <div class=\"\">\n                    <p><strong>Les c\u00e9r\u00e9ales <\/strong>\n                      <img decoding=\"async\" draggable=\"false\" role=\"img\" class=\"emoji\" alt=\"\ud83c\udf3e\" src=\"https:\/\/s.w.org\/images\/core\/emoji\/13.1.0\/svg\/1f33e.svg\">\n                    <\/p>\n                    <p>En octobre, les grains de&nbsp;<strong>bl\u00e9<\/strong>&nbsp;sont mis en terre. Au d\u00e9but du printemps, les tiges sorties pendant l&rsquo;hiver s&rsquo;allongent, puis les \u00e9pis se forment. Apr\u00e8s la floraison et la f\u00e9condation courant juin, les grains\n                      grossissent. En juillet-ao\u00fbt, le bl\u00e9 arrive \u00e0 maturit\u00e9 : c&rsquo;est l&rsquo;\u00e9poque de la moisson\u2026<\/p>\n                  <\/div>\n                <\/div>\n              <\/div>\n            <\/div>\n          <\/div>\n        <\/div>\n      <\/div>\n      <div data-colibri-id=\"272-c6\" class=\"h-row-container gutters-row-lg-0 gutters-row-md-0 gutters-row-0 gutters-row-v-lg-0 gutters-row-v-md-0 gutters-row-v-0 style-1377 style-local-272-c6 position-relative\">\n        <!---->\n        <div class=\"h-row justify-content-lg-center justify-content-md-center justify-content-center align-items-lg-stretch align-items-md-stretch align-items-stretch gutters-col-lg-0 gutters-col-md-0 gutters-col-0 gutters-col-v-lg-0 gutters-col-v-md-0 gutters-col-v-0\">\n          <!---->\n          <div class=\"h-column h-column-container d-flex h-col-lg-auto h-col-md-auto h-col-auto style-1378-outer style-local-272-c7-outer\">\n            <div data-colibri-id=\"272-c7\" class=\"d-flex h-flex-basis h-column__inner h-px-lg-0 h-px-md-0 h-px-0 v-inner-lg-0 v-inner-md-0 v-inner-0 style-1378 style-local-272-c7 position-relative\">\n              <!---->\n              <!---->\n              <div class=\"w-100 h-y-container h-column__content h-column__v-align flex-basis-100 align-self-lg-start align-self-md-start align-self-start\">\n                <!---->\n                <div data-colibri-id=\"272-c8\" class=\"d-block style-1379 style-local-272-c8 position-relative h-element\">\n                  <!---->\n                  <div class=\"h-image__frame-container-outer\">\n                    <div class=\"h-image__frame-container\">\n                      <!---->\n                      <!---->\n                      <img loading=\"lazy\" decoding=\"async\" width=\"1022\" height=\"535\" src=\"http:\/\/ferme-hemeryck-duchateau.fr\/wp-content\/uploads\/2022\/03\/cropped-Cycle-du-ble-1.jpg\" class=\"wp-image-2449 style-1379-image style-local-272-c8-image\" alt=\"\" srcset=\"https:\/\/ferme-hemeryck-duchateau.fr\/wp-content\/uploads\/2022\/03\/cropped-Cycle-du-ble-1.jpg 1022w, https:\/\/ferme-hemeryck-duchateau.fr\/wp-content\/uploads\/2022\/03\/cropped-Cycle-du-ble-1-300x157.jpg 300w, https:\/\/ferme-hemeryck-duchateau.fr\/wp-content\/uploads\/2022\/03\/cropped-Cycle-du-ble-1-768x402.jpg 768w\" sizes=\"(max-width: 1022px) 100vw, 1022px\" \/>\n                      <div class=\"h-image__frame h-hide-lg h-hide-md h-hide-sm style-1379-frameImage style-local-272-c8-frameImage\"><\/div>\n                    <\/div>\n                  <\/div>\n                <\/div>\n              <\/div>\n            <\/div>\n          <\/div>\n        <\/div>\n      <\/div>\n      <div data-colibri-id=\"272-c9\" class=\"h-row-container gutters-row-lg-2 gutters-row-md-2 gutters-row-0 gutters-row-v-lg-2 gutters-row-v-md-2 gutters-row-v-2 style-1380 style-local-272-c9 position-relative\">\n        <!---->\n        <div class=\"h-row justify-content-lg-center justify-content-md-center justify-content-center align-items-lg-stretch align-items-md-stretch align-items-stretch gutters-col-lg-2 gutters-col-md-2 gutters-col-0 gutters-col-v-lg-2 gutters-col-v-md-2 gutters-col-v-2\">\n          <!---->\n          <div class=\"h-column h-column-container d-flex h-col-lg-auto h-col-md-auto h-col-auto style-1381-outer style-local-272-c10-outer\">\n            <div data-colibri-id=\"272-c10\" class=\"d-flex h-flex-basis h-column__inner h-px-lg-2 h-px-md-2 h-px-2 v-inner-lg-2 v-inner-md-2 v-inner-2 style-1381 style-local-272-c10 position-relative\">\n              <!---->\n              <!---->\n              <div class=\"w-100 h-y-container h-column__content h-column__v-align flex-basis-100 align-self-lg-start align-self-md-start align-self-start\">\n                <!---->\n                <div data-colibri-id=\"272-c11\" class=\"h-text h-text-component style-1374 style-local-272-c11 position-relative h-element\">\n                  <!---->\n                  <!---->\n                  <div class=\"\">\n                    <p>Cycle du bl\u00e9, source : vivescia<\/p>\n                  <\/div>\n                <\/div>\n              <\/div>\n            <\/div>\n          <\/div>\n        <\/div>\n      <\/div>\n      <div data-colibri-id=\"272-c12\" class=\"h-row-container gutters-row-lg-1 gutters-row-md-1 gutters-row-0 gutters-row-v-lg-1 gutters-row-v-md-1 gutters-row-v-1 style-1369 style-local-272-c12 position-relative\">\n        <!---->\n        <div class=\"h-row justify-content-lg-center justify-content-md-center justify-content-center align-items-lg-stretch align-items-md-stretch align-items-stretch gutters-col-lg-1 gutters-col-md-1 gutters-col-0 gutters-col-v-lg-1 gutters-col-v-md-1 gutters-col-v-1\">\n          <!---->\n          <div class=\"h-column h-column-container d-flex h-col-lg-auto h-col-md-auto h-col-auto style-1370-outer style-local-272-c13-outer\">\n            <div data-colibri-id=\"272-c13\" class=\"d-flex h-flex-basis h-column__inner h-px-lg-1 h-px-md-1 h-px-1 v-inner-lg-1 v-inner-md-1 v-inner-1 style-1370 style-local-272-c13 position-relative\">\n              <!---->\n              <!---->\n              <div class=\"w-100 h-y-container h-column__content h-column__v-align flex-basis-100 align-self-lg-start align-self-md-start align-self-start\">\n                <!---->\n                <div data-colibri-id=\"272-c14\" class=\"d-block style-1375 style-local-272-c14 position-relative h-element\">\n                  <!---->\n                  <div class=\"h-image__frame-container-outer\">\n                    <div class=\"h-image__frame-container\">\n                      <!---->\n                      <!---->\n                      <img loading=\"lazy\" decoding=\"async\" width=\"1018\" height=\"768\" src=\"http:\/\/ferme-hemeryck-duchateau.fr\/wp-content\/uploads\/2022\/03\/cropped-IMG_2336-1-1024x768-1.jpeg\" class=\"wp-image-2456 style-1375-image style-local-272-c14-image\" alt=\"\" srcset=\"https:\/\/ferme-hemeryck-duchateau.fr\/wp-content\/uploads\/2022\/03\/cropped-IMG_2336-1-1024x768-1.jpeg 1018w, https:\/\/ferme-hemeryck-duchateau.fr\/wp-content\/uploads\/2022\/03\/cropped-IMG_2336-1-1024x768-1-300x226.jpeg 300w, https:\/\/ferme-hemeryck-duchateau.fr\/wp-content\/uploads\/2022\/03\/cropped-IMG_2336-1-1024x768-1-768x579.jpeg 768w\" sizes=\"(max-width: 1018px) 100vw, 1018px\" \/>\n                      <div class=\"h-image__frame h-hide-lg h-hide-md h-hide-sm style-1375-frameImage style-local-272-c14-frameImage\"><\/div>\n                    <\/div>\n                  <\/div>\n                <\/div>\n              <\/div>\n            <\/div>\n          <\/div>\n          <div class=\"h-column h-column-container d-flex h-col-lg-auto h-col-md-auto h-col-auto style-1382-outer style-local-272-c15-outer\">\n            <div data-colibri-id=\"272-c15\" class=\"d-flex h-flex-basis h-column__inner h-px-lg-2 h-px-md-2 h-px-2 v-inner-lg-2 v-inner-md-2 v-inner-2 style-1382 style-local-272-c15 position-relative\">\n              <!---->\n              <!---->\n              <div class=\"w-100 h-y-container h-column__content h-column__v-align flex-basis-100 align-self-lg-start align-self-md-start align-self-start\">\n                <!---->\n                <div data-colibri-id=\"272-c16\" class=\"d-block style-1383 style-local-272-c16 position-relative h-element\">\n                  <!---->\n                  <div class=\"h-image__frame-container-outer\">\n                    <div class=\"h-image__frame-container\">\n                      <!---->\n                      <!---->\n                      <img loading=\"lazy\" decoding=\"async\" width=\"1020\" height=\"768\" src=\"http:\/\/ferme-hemeryck-duchateau.fr\/wp-content\/uploads\/2022\/03\/cropped-cropped-IMG_2339-1024x768-1.jpeg\" class=\"wp-image-2458 style-1383-image style-local-272-c16-image\" alt=\"\" srcset=\"https:\/\/ferme-hemeryck-duchateau.fr\/wp-content\/uploads\/2022\/03\/cropped-cropped-IMG_2339-1024x768-1.jpeg 1020w, https:\/\/ferme-hemeryck-duchateau.fr\/wp-content\/uploads\/2022\/03\/cropped-cropped-IMG_2339-1024x768-1-300x226.jpeg 300w, https:\/\/ferme-hemeryck-duchateau.fr\/wp-content\/uploads\/2022\/03\/cropped-cropped-IMG_2339-1024x768-1-768x578.jpeg 768w\" sizes=\"(max-width: 1020px) 100vw, 1020px\" \/>\n                      <div class=\"h-image__frame h-hide-lg h-hide-md h-hide-sm style-1383-frameImage style-local-272-c16-frameImage\"><\/div>\n                    <\/div>\n                  <\/div>\n                <\/div>\n              <\/div>\n            <\/div>\n          <\/div>\n        <\/div>\n      <\/div>\n    <\/div>\n  <\/div>\n  <div data-colibri-component=\"section\" data-colibri-id=\"272-c17\" id=\"custom-2\" class=\"h-section h-section-global-spacing d-flex align-items-lg-center align-items-md-center align-items-center style-1384 style-local-272-c17 position-relative\">\n    <!---->\n    <!---->\n    <div class=\"h-section-grid-container h-section-boxed-container\">\n      <!---->\n      <div data-colibri-id=\"272-c18\" class=\"h-row-container gutters-row-lg-1 gutters-row-md-1 gutters-row-0 gutters-row-v-lg-1 gutters-row-v-md-1 gutters-row-v-1 style-1385 style-local-272-c18 position-relative\">\n        <!---->\n        <div class=\"h-row justify-content-lg-center justify-content-md-center justify-content-center align-items-lg-stretch align-items-md-stretch align-items-stretch gutters-col-lg-1 gutters-col-md-1 gutters-col-0 gutters-col-v-lg-1 gutters-col-v-md-1 gutters-col-v-1\">\n          <!---->\n          <div class=\"h-column h-column-container d-flex h-col-lg-auto h-col-md-auto h-col-auto style-1386-outer style-local-272-c19-outer\">\n            <div data-colibri-id=\"272-c19\" class=\"d-flex h-flex-basis h-column__inner h-px-lg-1 h-px-md-1 h-px-1 v-inner-lg-1 v-inner-md-1 v-inner-1 style-1386 style-local-272-c19 position-relative\">\n              <!---->\n              <!---->\n              <div class=\"w-100 h-y-container h-column__content h-column__v-align flex-basis-100 align-self-lg-start align-self-md-start align-self-start\">\n                <!---->\n                <div data-colibri-id=\"272-c20\" class=\"h-text h-text-component style-1387 style-local-272-c20 position-relative h-element\">\n                  <!---->\n                  <!---->\n                  <div class=\"\">\n                    <p><strong>Le Colza<\/strong> <\/p>\n                    <p>\n                      <br>\n                    <\/p>\n                    <p>Nous cultivons sur la ferme du&nbsp;<strong>colza<\/strong> ol\u00e9agineux. C&rsquo;est une plante riche en huile mais aussi en prot\u00e9ines v\u00e9g\u00e9tales. Il est utilis\u00e9 dans de nombreux d\u00e9bouch\u00e9s comme pour l&rsquo;alimentation humaine et animale, la chimie\n                      v\u00e9g\u00e9tale et source d&rsquo;\u00e9nergie renouvelable. Sem\u00e9 \u00e0 la fin de l&rsquo;\u00e9t\u00e9 et r\u00e9colt\u00e9 en juillet, le&nbsp;<strong>colza<\/strong>&nbsp;couvre le sol pendant environ 300 jours et r\u00e9duit ainsi l&rsquo;\u00e9rosion.<\/p>\n                  <\/div>\n                <\/div>\n              <\/div>\n            <\/div>\n          <\/div>\n        <\/div>\n      <\/div>\n      <div data-colibri-id=\"272-c21\" class=\"h-row-container gutters-row-lg-1 gutters-row-md-1 gutters-row-0 gutters-row-v-lg-1 gutters-row-v-md-1 gutters-row-v-1 style-1388 style-local-272-c21 position-relative\">\n        <!---->\n        <div class=\"h-row justify-content-lg-center justify-content-md-center justify-content-center align-items-lg-stretch align-items-md-stretch align-items-stretch gutters-col-lg-1 gutters-col-md-1 gutters-col-0 gutters-col-v-lg-1 gutters-col-v-md-1 gutters-col-v-1\">\n          <!---->\n          <div class=\"h-column h-column-container d-flex h-col-lg-auto h-col-md-auto h-col-auto style-1389-outer style-local-272-c22-outer\">\n            <div data-colibri-id=\"272-c22\" class=\"d-flex h-flex-basis h-column__inner h-px-lg-1 h-px-md-1 h-px-1 v-inner-lg-1 v-inner-md-1 v-inner-1 style-1389 style-local-272-c22 position-relative\">\n              <!---->\n              <!---->\n              <div class=\"w-100 h-y-container h-column__content h-column__v-align flex-basis-100 align-self-lg-start align-self-md-start align-self-start\">\n                <!---->\n                <div data-colibri-id=\"272-c23\" class=\"d-block style-1390 style-local-272-c23 position-relative h-element\">\n                  <!---->\n                  <div class=\"h-image__frame-container-outer\">\n                    <div class=\"h-image__frame-container\">\n                      <!---->\n                      <!---->\n                      <img loading=\"lazy\" decoding=\"async\" width=\"612\" height=\"180\" src=\"http:\/\/ferme-hemeryck-duchateau.fr\/wp-content\/uploads\/2022\/03\/cropped-istockphoto-1301156991-612x612-1-1.jpg\" class=\"wp-image-2459 style-1390-image style-local-272-c23-image\" alt=\"\" srcset=\"https:\/\/ferme-hemeryck-duchateau.fr\/wp-content\/uploads\/2022\/03\/cropped-istockphoto-1301156991-612x612-1-1.jpg 612w, https:\/\/ferme-hemeryck-duchateau.fr\/wp-content\/uploads\/2022\/03\/cropped-istockphoto-1301156991-612x612-1-1-300x88.jpg 300w\" sizes=\"(max-width: 612px) 100vw, 612px\" \/>\n                      <div class=\"h-image__frame h-hide-lg h-hide-md h-hide-sm style-1390-frameImage style-local-272-c23-frameImage\"><\/div>\n                    <\/div>\n                  <\/div>\n                <\/div>\n              <\/div>\n            <\/div>\n          <\/div>\n        <\/div>\n      <\/div>\n      <div data-colibri-id=\"272-c24\" class=\"h-row-container gutters-row-lg-1 gutters-row-md-1 gutters-row-0 gutters-row-v-lg-1 gutters-row-v-md-1 gutters-row-v-1 style-1391 style-local-272-c24 position-relative\">\n        <!---->\n        <div class=\"h-row justify-content-lg-center justify-content-md-center justify-content-center align-items-lg-stretch align-items-md-stretch align-items-stretch gutters-col-lg-1 gutters-col-md-1 gutters-col-0 gutters-col-v-lg-1 gutters-col-v-md-1 gutters-col-v-1\">\n          <!---->\n          <div class=\"h-column h-column-container d-flex h-col-lg-auto h-col-md-auto h-col-auto style-1392-outer style-local-272-c25-outer\">\n            <div data-colibri-id=\"272-c25\" class=\"d-flex h-flex-basis h-column__inner h-px-lg-1 h-px-md-1 h-px-1 v-inner-lg-1 v-inner-md-1 v-inner-1 style-1392 style-local-272-c25 position-relative\">\n              <!---->\n              <!---->\n              <div class=\"w-100 h-y-container h-column__content h-column__v-align flex-basis-100 align-self-lg-start align-self-md-start align-self-start\">\n                <!---->\n                <div data-colibri-id=\"272-c26\" class=\"h-text h-text-component style-1393 style-local-272-c26 position-relative h-element\">\n                  <!---->\n                  <!---->\n                  <div class=\"\">\n                    <p>Cycle du colza, source : istockphoto.com<\/p>\n                  <\/div>\n                <\/div>\n              <\/div>\n            <\/div>\n          <\/div>\n        <\/div>\n      <\/div>\n      <div data-colibri-id=\"272-c27\" class=\"h-row-container gutters-row-lg-1 gutters-row-md-1 gutters-row-0 gutters-row-v-lg-1 gutters-row-v-md-1 gutters-row-v-1 style-1394 style-local-272-c27 position-relative\">\n        <!---->\n        <div class=\"h-row justify-content-lg-center justify-content-md-center justify-content-center align-items-lg-stretch align-items-md-stretch align-items-stretch gutters-col-lg-1 gutters-col-md-1 gutters-col-0 gutters-col-v-lg-1 gutters-col-v-md-1 gutters-col-v-1\">\n          <!---->\n          <div class=\"h-column h-column-container d-flex h-col-lg-auto h-col-md-auto h-col-auto style-1395-outer style-local-272-c28-outer\">\n            <div data-colibri-id=\"272-c28\" class=\"d-flex h-flex-basis h-column__inner h-px-lg-1 h-px-md-1 h-px-1 v-inner-lg-1 v-inner-md-1 v-inner-1 style-1395 style-local-272-c28 position-relative\">\n              <!---->\n              <!---->\n              <div class=\"w-100 h-y-container h-column__content h-column__v-align flex-basis-100 align-self-lg-start align-self-md-start align-self-start\">\n                <!---->\n                <div data-colibri-id=\"272-c29\" class=\"d-block style-1396 style-local-272-c29 position-relative h-element\">\n                  <!---->\n                  <div class=\"h-image__frame-container-outer\">\n                    <div class=\"h-image__frame-container\">\n                      <!---->\n                      <!---->\n                      <img decoding=\"async\" src=\"http:\/\/ferme-hemeryck-duchateau.fr\/wp-content\/uploads\/2022\/03\/cropped-57823468135__CB849B77-B511-497F-8580-0665D054AC97-edited-scaled-1-300x284.jpg\" class=\"style-1396-image style-local-272-c29-image\">\n                      <div class=\"h-image__frame h-hide-lg h-hide-md h-hide-sm style-1396-frameImage style-local-272-c29-frameImage\"><\/div>\n                    <\/div>\n                  <\/div>\n                <\/div>\n              <\/div>\n            <\/div>\n          <\/div>\n        <\/div>\n      <\/div>\n    <\/div>\n  <\/div>\n  <div data-colibri-component=\"section\" data-colibri-id=\"272-c30\" id=\"custom-3\" class=\"h-section h-section-global-spacing d-flex align-items-lg-center align-items-md-center align-items-center style-1397 style-local-272-c30 position-relative\">\n    <!---->\n    <!---->\n    <div class=\"h-section-grid-container h-section-boxed-container\">\n      <!---->\n      <div data-colibri-id=\"272-c31\" class=\"h-row-container gutters-row-lg-1 gutters-row-md-1 gutters-row-0 gutters-row-v-lg-1 gutters-row-v-md-1 gutters-row-v-1 style-1398 style-local-272-c31 position-relative\">\n        <!---->\n        <div class=\"h-row justify-content-lg-center justify-content-md-center justify-content-center align-items-lg-stretch align-items-md-stretch align-items-stretch gutters-col-lg-1 gutters-col-md-1 gutters-col-0 gutters-col-v-lg-1 gutters-col-v-md-1 gutters-col-v-1\">\n          <!---->\n          <div class=\"h-column h-column-container d-flex h-col-lg-auto h-col-md-auto h-col-auto style-1399-outer style-local-272-c32-outer\">\n            <div data-colibri-id=\"272-c32\" class=\"d-flex h-flex-basis h-column__inner h-px-lg-1 h-px-md-1 h-px-1 v-inner-lg-1 v-inner-md-1 v-inner-1 style-1399 style-local-272-c32 position-relative\">\n              <!---->\n              <!---->\n              <div class=\"w-100 h-y-container h-column__content h-column__v-align flex-basis-100 align-self-lg-start align-self-md-start align-self-start\">\n                <!---->\n                <div data-colibri-id=\"272-c33\" class=\"h-text h-text-component style-1400 style-local-272-c33 position-relative h-element\">\n                  <!---->\n                  <!---->\n                  <div class=\"\">\n                    <p><strong>Les betteraves<\/strong> <strong>sucri\u00e8res <\/strong><\/p>\n                    <p>Nous cultivons sur la ferme de la betterave sucri\u00e8re. Elle se caract\u00e9rise par sa&nbsp;<strong>chair blanche&nbsp;<\/strong>et sa racine conique et charnue. Sem\u00e9e au printemps, on n\u2019aper\u00e7oit que ses feuilles dans les champs. <strong>La racine<\/strong>                      se d\u00e9veloppe jusqu&rsquo;en automne et c&rsquo;est elle qui nous int\u00e9resse car elle <strong>renferme le fameux sucre<\/strong> blanc ! D\u2019ailleurs, avec une seule betterave sucri\u00e8re on peut fabriquer 25 morceaux de sucre !<\/p>\n                  <\/div>\n                <\/div>\n              <\/div>\n            <\/div>\n          <\/div>\n        <\/div>\n      <\/div>\n      <div data-colibri-id=\"272-c34\" class=\"h-row-container gutters-row-lg-1 gutters-row-md-1 gutters-row-0 gutters-row-v-lg-1 gutters-row-v-md-1 gutters-row-v-1 style-1401 style-local-272-c34 position-relative\">\n        <!---->\n        <div class=\"h-row justify-content-lg-center justify-content-md-center justify-content-center align-items-lg-stretch align-items-md-stretch align-items-stretch gutters-col-lg-1 gutters-col-md-1 gutters-col-0 gutters-col-v-lg-1 gutters-col-v-md-1 gutters-col-v-1\">\n          <!---->\n          <div class=\"h-column h-column-container d-flex h-col-lg-auto h-col-md-auto h-col-auto style-1402-outer style-local-272-c35-outer\">\n            <div data-colibri-id=\"272-c35\" class=\"d-flex h-flex-basis h-column__inner h-px-lg-1 h-px-md-1 h-px-1 v-inner-lg-1 v-inner-md-1 v-inner-1 style-1402 style-local-272-c35 position-relative\">\n              <!---->\n              <!---->\n              <div class=\"w-100 h-y-container h-column__content h-column__v-align flex-basis-100 align-self-lg-start align-self-md-start align-self-start\">\n                <!---->\n                <div data-colibri-id=\"272-c36\" class=\"d-block style-1403 style-local-272-c36 position-relative h-element\">\n                  <!---->\n                  <div class=\"h-image__frame-container-outer\">\n                    <div class=\"h-image__frame-container\">\n                      <!---->\n                      <!---->\n                      <img loading=\"lazy\" decoding=\"async\" width=\"1022\" height=\"356\" src=\"http:\/\/ferme-hemeryck-duchateau.fr\/wp-content\/uploads\/2022\/03\/cropped-Beets_grow-1.jpg\" class=\"wp-image-2461 style-1403-image style-local-272-c36-image\" alt=\"\" srcset=\"https:\/\/ferme-hemeryck-duchateau.fr\/wp-content\/uploads\/2022\/03\/cropped-Beets_grow-1.jpg 1022w, https:\/\/ferme-hemeryck-duchateau.fr\/wp-content\/uploads\/2022\/03\/cropped-Beets_grow-1-300x105.jpg 300w, https:\/\/ferme-hemeryck-duchateau.fr\/wp-content\/uploads\/2022\/03\/cropped-Beets_grow-1-768x268.jpg 768w\" sizes=\"(max-width: 1022px) 100vw, 1022px\" \/>\n                      <div class=\"h-image__frame h-hide-lg h-hide-md h-hide-sm style-1403-frameImage style-local-272-c36-frameImage\"><\/div>\n                    <\/div>\n                  <\/div>\n                <\/div>\n                <div data-colibri-id=\"272-c37\" class=\"h-text h-text-component style-1404 style-local-272-c37 position-relative h-element\">\n                  <!---->\n                  <!---->\n                  <div class=\"\">\n                    <p>cycle de la betterave, source : agrifac.com\/fr\/crops\/sugar-beet\/<\/p>\n                  <\/div>\n                <\/div>\n              <\/div>\n            <\/div>\n          <\/div>\n        <\/div>\n      <\/div>\n      <div data-colibri-id=\"272-c38\" class=\"h-row-container gutters-row-lg-2 gutters-row-md-2 gutters-row-0 gutters-row-v-lg-2 gutters-row-v-md-2 gutters-row-v-2 style-1406 style-local-272-c38 position-relative\">\n        <!---->\n        <div class=\"h-row justify-content-lg-center justify-content-md-center justify-content-center align-items-lg-stretch align-items-md-stretch align-items-stretch gutters-col-lg-2 gutters-col-md-2 gutters-col-0 gutters-col-v-lg-2 gutters-col-v-md-2 gutters-col-v-2\">\n          <!---->\n          <div class=\"h-column h-column-container d-flex h-col-lg-auto h-col-md-auto h-col-auto style-1407-outer style-local-272-c39-outer\">\n            <div data-colibri-id=\"272-c39\" class=\"d-flex h-flex-basis h-column__inner h-px-lg-2 h-px-md-2 h-px-2 v-inner-lg-2 v-inner-md-2 v-inner-2 style-1407 style-local-272-c39 position-relative\">\n              <!---->\n              <!---->\n              <div class=\"w-100 h-y-container h-column__content h-column__v-align flex-basis-100 align-self-lg-start align-self-md-start align-self-start\">\n                <!---->\n                <div data-colibri-id=\"272-c40\" class=\"d-block style-1408 style-local-272-c40 position-relative h-element\">\n                  <!---->\n                  <div class=\"h-image__frame-container-outer\">\n                    <div class=\"h-image__frame-container\">\n                      <!---->\n                      <!---->\n                      <img decoding=\"async\" src=\"http:\/\/ferme-hemeryck-duchateau.fr\/wp-content\/uploads\/2022\/03\/cropped-cropped-IMG_2659-521x1024-1-1-261x300.jpg\" class=\"style-1408-image style-local-272-c40-image\">\n                      <div class=\"h-image__frame h-hide-lg h-hide-md h-hide-sm style-1408-frameImage style-local-272-c40-frameImage\"><\/div>\n                    <\/div>\n                  <\/div>\n                <\/div>\n              <\/div>\n            <\/div>\n          <\/div>\n        <\/div>\n      <\/div>\n    <\/div>\n  <\/div>\n<\/div>","protected":false},"excerpt":{"rendered":"<p>Les c\u00e9r\u00e9ales En octobre, les grains de&nbsp;bl\u00e9&nbsp;sont mis en terre. Au d\u00e9but du printemps, les tiges sorties pendant l&rsquo;hiver s&rsquo;allongent, puis les \u00e9pis se forment. Apr\u00e8s la floraison et la f\u00e9condation courant juin, les grains grossissent. En juillet-ao\u00fbt, le bl\u00e9 arrive \u00e0 maturit\u00e9 : c&rsquo;est l&rsquo;\u00e9poque de la moisson\u2026 Cycle du bl\u00e9, source : vivescia [&hellip;]<\/p>\n","protected":false},"author":1,"featured_media":0,"parent":152,"menu_order":0,"comment_status":"closed","ping_status":"closed","template":"page-templates\/full-width-page.php","meta":{"footnotes":""},"_links":{"self":[{"href":"https:\/\/ferme-hemeryck-duchateau.fr\/index.php\/wp-json\/wp\/v2\/pages\/272"}],"collection":[{"href":"https:\/\/ferme-hemeryck-duchateau.fr\/index.php\/wp-json\/wp\/v2\/pages"}],"about":[{"href":"https:\/\/ferme-hemeryck-duchateau.fr\/index.php\/wp-json\/wp\/v2\/types\/page"}],"author":[{"embeddable":true,"href":"https:\/\/ferme-hemeryck-duchateau.fr\/index.php\/wp-json\/wp\/v2\/users\/1"}],"replies":[{"embeddable":true,"href":"https:\/\/ferme-hemeryck-duchateau.fr\/index.php\/wp-json\/wp\/v2\/comments?post=272"}],"version-history":[{"count":18,"href":"https:\/\/ferme-hemeryck-duchateau.fr\/index.php\/wp-json\/wp\/v2\/pages\/272\/revisions"}],"predecessor-version":[{"id":2881,"href":"https:\/\/ferme-hemeryck-duchateau.fr\/index.php\/wp-json\/wp\/v2\/pages\/272\/revisions\/2881"}],"up":[{"embeddable":true,"href":"https:\/\/ferme-hemeryck-duchateau.fr\/index.php\/wp-json\/wp\/v2\/pages\/152"}],"wp:attachment":[{"href":"https:\/\/ferme-hemeryck-duchateau.fr\/index.php\/wp-json\/wp\/v2\/media?parent=272"}],"curies":[{"name":"wp","href":"https:\/\/api.w.org\/{rel}","templated":true}]}}